{"id":134,"date":"2020-09-09T16:53:34","date_gmt":"2020-09-09T20:53:34","guid":{"rendered":"https:\/\/www.collegebourget.qc.ca\/portes-ouvertes\/?page_id=134"},"modified":"2025-08-29T11:26:22","modified_gmt":"2025-08-29T15:26:22","slug":"visite-virtuelle","status":"publish","type":"page","link":"https:\/\/www.collegebourget.qc.ca\/portes-ouvertes\/visite-virtuelle\/","title":{"rendered":"Portes ouvertes"},"content":{"rendered":"<p>[vc_row css=\u00a0\u00bb.vc_custom_1598665111267{margin-top: 0px !important;margin-bottom: 0px !important;padding-top: 0px !important;padding-bottom: 0px !important;background-color: #ffffff !important;}\u00a0\u00bb el_class=\u00a0\u00bbbox-header\u00a0\u00bb][vc_column css=\u00a0\u00bb.vc_custom_1598660775104{margin-top: 0px !important;margin-bottom: 0px !important;padding-top: 0px !important;padding-bottom: 0px !important;}\u00a0\u00bb][vc_empty_space height=\u00a0\u00bb110px\u00a0\u00bb][vc_column_text css=\u00a0\u00bb.vc_custom_1600180516440{margin-top: 0px !important;margin-bottom: 0px !important;padding-top: 0px !important;padding-bottom: 0px !important;}\u00a0\u00bb el_class=\u00a0\u00bbmax-width-750&Prime;]<\/p>\n<h2 style=\"text-align: center;\">D\u00e9couvrez le Coll\u00e8ge, comme si vous y \u00e9tiez<\/h2>\n<p>[\/vc_column_text][\/vc_column][\/vc_row][vc_row css=\u00a0\u00bb.vc_custom_1598660782046{margin-top: 0px !important;margin-bottom: 0px !important;padding-top: 0px !important;padding-bottom: 0px !important;}\u00a0\u00bb][vc_column css=\u00a0\u00bb.vc_custom_1598660775104{margin-top: 0px !important;margin-bottom: 0px !important;padding-top: 0px !important;padding-bottom: 0px !important;}\u00a0\u00bb][vc_empty_space height=\u00a0\u00bb100px\u00a0\u00bb][vc_raw_html css=\u00a0\u00bb.vc_custom_1649360260665{margin-top: 0px !important;margin-bottom: 0px !important;padding-top: 0px !important;padding-bottom: 0px !important;}\u00a0\u00bb]JTNDaWZyYW1lJTIwd2lkdGglM0QlMjcxMDAlMjUlMjclMjBoZWlnaHQlM0QlMjc2MDAlMjclMjBhbGxvd2Z1bGxzY3JlZW4lMjBzcmMlM0QlMjdodHRwcyUzQSUyRiUyRnByb2NvbXBsdXMuY2ElMkZjb2xsZWdlLWJvdXJnZXQlMkYlMjclM0UlM0MlMkZpZnJhbWUlM0U=[\/vc_raw_html][\/vc_column][\/vc_row][vc_row disable_element=\u00a0\u00bbyes\u00a0\u00bb css=\u00a0\u00bb.vc_custom_1649360177522{margin-top: 0px !important;margin-bottom: 0px !important;padding-top: 0px !important;padding-bottom: 0px !important;}\u00a0\u00bb][vc_column css=\u00a0\u00bb.vc_custom_1600179906293{margin-top: 0px !important;margin-bottom: 0px !important;padding-top: 0px !important;padding-bottom: 0px !important;}\u00a0\u00bb offset=\u00a0\u00bbvc_col-lg-6 vc_col-md-12&Prime;][vc_column_text css=\u00a0\u00bb.vc_custom_1599687453833{margin-top: 0px !important;margin-bottom: 0px !important;padding-top: 0px !important;padding-bottom: 0px !important;background-image: url(https:\/\/www.collegebourget.qc.ca\/portes-ouvertes\/wp-content\/uploads\/pre\u0301scolaire-primaire.jpg?id=137) !important;background-position: center !important;background-repeat: no-repeat !important;background-size: cover !important;}\u00a0\u00bb el_class=\u00a0\u00bbcategorie\u00a0\u00bb]<\/p>\n<p style=\"text-align: center;\"><a href=\"https:\/\/www.collegebourget.qc.ca\/portes-ouvertes\/visite-virtuelle\/prescolaire-et-primaire\/\" rel=\"noopener noreferrer\"><img loading=\"lazy\" class=\"alignnone size-medium wp-image-141\" src=\"https:\/\/www.collegebourget.qc.ca\/portes-ouvertes\/wp-content\/uploads\/armoirie-primaire-prescolaire.svg\" alt=\"\" width=\"83\" height=\"125\" \/><br \/>\nPR\u00c9SCOLAIRE<br \/>\nPRIMAIRE<\/a><\/p>\n<p>[\/vc_column_text][vc_empty_space height=\u00a0\u00bb50px\u00a0\u00bb][\/vc_column][vc_column css=\u00a0\u00bb.vc_custom_1600179917330{margin-top: 0px !important;margin-bottom: 0px !important;padding-top: 0px !important;padding-bottom: 0px !important;}\u00a0\u00bb offset=\u00a0\u00bbvc_col-lg-6 vc_col-md-12&Prime;][vc_column_text css=\u00a0\u00bb.vc_custom_1599687317515{margin-top: 0px !important;margin-bottom: 0px !important;padding-top: 0px !important;padding-bottom: 0px !important;background-image: url(https:\/\/www.collegebourget.qc.ca\/portes-ouvertes\/wp-content\/uploads\/secondaire.jpg?id=139) !important;background-position: center !important;background-repeat: no-repeat !important;background-size: cover !important;}\u00a0\u00bb el_class=\u00a0\u00bbcategorie\u00a0\u00bb]<\/p>\n<p style=\"text-align: center;\"><a href=\"https:\/\/www.collegebourget.qc.ca\/portes-ouvertes\/visite-virtuelle\/secondaire\/\" rel=\"noopener noreferrer\"><img loading=\"lazy\" class=\"alignnone size-medium wp-image-141\" src=\"https:\/\/www.collegebourget.qc.ca\/portes-ouvertes\/wp-content\/uploads\/armoirie-secondaire.svg\" alt=\"\" width=\"84\" height=\"125\" \/><br \/>\nSECONDAIRE<\/a><\/p>\n<p>[\/vc_column_text][vc_empty_space height=\u00a0\u00bb50px\u00a0\u00bb][\/vc_column][\/vc_row][vc_row disable_element=\u00a0\u00bbyes\u00a0\u00bb css=\u00a0\u00bb.vc_custom_1649360185948{margin-top: 0px !important;margin-bottom: 0px !important;padding-top: 0px !important;padding-bottom: 0px !important;}\u00a0\u00bb][vc_column css=\u00a0\u00bb.vc_custom_1599686190230{margin-top: 0px !important;margin-bottom: 0px !important;padding-top: 0px !important;padding-bottom: 0px !important;}\u00a0\u00bb][vc_column_text css=\u00a0\u00bb.vc_custom_1599687532761{margin-top: 0px !important;margin-bottom: 0px !important;padding-top: 0px !important;padding-bottom: 0px !important;background-image: url(https:\/\/www.collegebourget.qc.ca\/portes-ouvertes\/wp-content\/uploads\/international.jpg?id=147) !important;background-position: center !important;background-repeat: no-repeat !important;background-size: cover !important;}\u00a0\u00bb el_class=\u00a0\u00bbcategorie\u00a0\u00bb]<\/p>\n<p style=\"text-align: center;\"><a href=\"https:\/\/www.collegebourget.qc.ca\/portes-ouvertes\/visite-virtuelle\/international\/\" rel=\"noopener noreferrer\"><img loading=\"lazy\" class=\"alignnone size-medium wp-image-141\" src=\"https:\/\/www.collegebourget.qc.ca\/portes-ouvertes\/wp-content\/uploads\/armoirie-international.svg\" alt=\"\" width=\"83\" height=\"125\" \/><br \/>\nINTERNATIONAL<\/a><\/p>\n<p>[\/vc_column_text][\/vc_column][\/vc_row][vc_row css=\u00a0\u00bb.vc_custom_1598660782046{margin-top: 0px !important;margin-bottom: 0px !important;padding-top: 0px !important;padding-bottom: 0px !important;}\u00a0\u00bb][vc_column css=\u00a0\u00bb.vc_custom_1598660775104{margin-top: 0px !important;margin-bottom: 0px !important;padding-top: 0px !important;padding-bottom: 0px !important;}\u00a0\u00bb][vc_empty_space height=\u00a0\u00bb100px\u00a0\u00bb][\/vc_column][\/vc_row][vc_row][vc_column][vc_raw_js]JTNDJTIxLS0lMjBHb29nbGUlMjBUYWclMjBNYW5hZ2VyJTIwLS0lM0UlMEElM0NzY3JpcHQlM0UlMjhmdW5jdGlvbiUyOHclMkNkJTJDcyUyQ2wlMkNpJTI5JTdCdyU1QmwlNUQlM0R3JTVCbCU1RCU3QyU3QyU1QiU1RCUzQnclNUJsJTVELnB1c2glMjglN0IlMjdndG0uc3RhcnQlMjclM0ElMEFuZXclMjBEYXRlJTI4JTI5LmdldFRpbWUlMjglMjklMkNldmVudCUzQSUyN2d0bS5qcyUyNyU3RCUyOSUzQnZhciUyMGYlM0RkLmdldEVsZW1lbnRzQnlUYWdOYW1lJTI4cyUyOSU1QjAlNUQlMkMlMEFqJTNEZC5jcmVhdGVFbGVtZW50JTI4cyUyOSUyQ2RsJTNEbCUyMSUzRCUyN2RhdGFMYXllciUyNyUzRiUyNyUyNmwlM0QlMjclMkJsJTNBJTI3JTI3JTNCai5hc3luYyUzRHRydWUlM0JqLnNyYyUzRCUwQSUyN2h0dHBzJTNBJTJGJTJGd3d3Lmdvb2dsZXRhZ21hbmFnZXIuY29tJTJGZ3RtLmpzJTNGaWQlM0QlMjclMkJpJTJCZGwlM0JmLnBhcmVudE5vZGUuaW5zZXJ0QmVmb3JlJTI4aiUyQ2YlMjklM0IlMEElN0QlMjklMjh3aW5kb3clMkNkb2N1bWVudCUyQyUyN3NjcmlwdCUyNyUyQyUyN2RhdGFMYXllciUyNyUyQyUyN0dUTS1XMzY1SFM4JTI3JTI5JTNCJTNDJTJGc2NyaXB0JTNFJTBBJTNDJTIxLS0lMjBFbmQlMjBHb29nbGUlMjBUYWclMjBNYW5hZ2VyJTIwLS0lM0U=[\/vc_raw_js][\/vc_column][\/vc_row]<\/p>\n","protected":false},"excerpt":{"rendered":"<p>[vc_row css=\u00a0\u00bb.vc_custom_1598665111267{margin-top: 0px !important;margin-bottom: 0px !important;padding-top: 0px !important;padding-bottom: 0px !important;background-color: #ffffff !important;}\u00a0\u00bb el_class=\u00a0\u00bbbox-header\u00a0\u00bb][vc_column css=\u00a0\u00bb.vc_custom_1598660775104{margin-top: 0px !important;margin-bottom: 0px !important;padding-top: 0px !important;padding-bottom: 0px !important;}\u00a0\u00bb][vc_empty_space height=\u00a0\u00bb110px\u00a0\u00bb][vc_column_text css=\u00a0\u00bb.vc_custom_1600180516440{margin-top: 0px !important;margin-bottom: 0px !important;padding-top: 0px !important;padding-bottom: 0px !important;}\u00a0\u00bb el_class=\u00a0\u00bbmax-width-750&Prime;] D\u00e9couvrez le Coll\u00e8ge, comme si vous y \u00e9tiez [\/vc_column_text][\/vc_column][\/vc_row][vc_row css=\u00a0\u00bb.vc_custom_1598660782046{margin-top: 0px !important;margin-bottom: 0px !important;padding-top: 0px !important;padding-bottom: 0px !important;}\u00a0\u00bb][vc_column css=\u00a0\u00bb.vc_custom_1598660775104{margin-top: 0px !important;margin-bottom: 0px&hellip;<\/p>\n","protected":false},"author":1,"featured_media":0,"parent":0,"menu_order":0,"comment_status":"closed","ping_status":"closed","template":"","meta":[],"yoast_head":"<!-- This site is optimized with the Yoast SEO plugin v14.9 - https:\/\/yoast.com\/wordpress\/plugins\/seo\/ -->\n<title>Portes ouvertes - Coll\u00e8ge Bourget<\/title>\n<meta name=\"robots\" content=\"index, follow, max-snippet:-1, max-image-preview:large, max-video-preview:-1\" \/>\n<link rel=\"canonical\" href=\"https:\/\/www.collegebourget.qc.ca\/portes-ouvertes\/visite-virtuelle\/\" \/>\n<meta property=\"og:locale\" content=\"fr_FR\" \/>\n<meta property=\"og:type\" content=\"article\" \/>\n<meta property=\"og:title\" content=\"Portes ouvertes - Coll\u00e8ge Bourget\" \/>\n<meta property=\"og:description\" content=\"[vc_row css=\u00a0\u00bb.vc_custom_1598665111267{margin-top: 0px !important;margin-bottom: 0px !important;padding-top: 0px !important;padding-bottom: 0px !important;background-color: #ffffff !important;}\u00a0\u00bb el_class=\u00a0\u00bbbox-header\u00a0\u00bb][vc_column css=\u00a0\u00bb.vc_custom_1598660775104{margin-top: 0px !important;margin-bottom: 0px !important;padding-top: 0px !important;padding-bottom: 0px !important;}\u00a0\u00bb][vc_empty_space height=\u00a0\u00bb110px\u00a0\u00bb][vc_column_text css=\u00a0\u00bb.vc_custom_1600180516440{margin-top: 0px !important;margin-bottom: 0px !important;padding-top: 0px !important;padding-bottom: 0px !important;}\u00a0\u00bb el_class=\u00a0\u00bbmax-width-750&Prime;] D\u00e9couvrez le Coll\u00e8ge, comme si vous y \u00e9tiez [\/vc_column_text][\/vc_column][\/vc_row][vc_row css=\u00a0\u00bb.vc_custom_1598660782046{margin-top: 0px !important;margin-bottom: 0px !important;padding-top: 0px !important;padding-bottom: 0px !important;}\u00a0\u00bb][vc_column css=\u00a0\u00bb.vc_custom_1598660775104{margin-top: 0px !important;margin-bottom: 0px&hellip;\" \/>\n<meta property=\"og:url\" content=\"https:\/\/www.collegebourget.qc.ca\/portes-ouvertes\/visite-virtuelle\/\" \/>\n<meta property=\"og:site_name\" content=\"Coll\u00e8ge Bourget\" \/>\n<meta property=\"article:modified_time\" content=\"2025-08-29T15:26:22+00:00\" \/>\n<meta property=\"og:image\" content=\"https:\/\/www.collegebourget.qc.ca\/portes-ouvertes\/wp-content\/uploads\/armoirie-primaire-prescolaire.svg\" \/>\n<meta name=\"twitter:card\" content=\"summary_large_image\" \/>\n<script type=\"application\/ld+json\" class=\"yoast-schema-graph\">{\"@context\":\"https:\/\/schema.org\",\"@graph\":[{\"@type\":\"WebSite\",\"@id\":\"https:\/\/www.collegebourget.qc.ca\/portes-ouvertes\/#website\",\"url\":\"https:\/\/www.collegebourget.qc.ca\/portes-ouvertes\/\",\"name\":\"Coll\\u00e8ge Bourget\",\"description\":\"Portes ouvertes\",\"potentialAction\":[{\"@type\":\"SearchAction\",\"target\":\"https:\/\/www.collegebourget.qc.ca\/portes-ouvertes\/?s={search_term_string}\",\"query-input\":\"required name=search_term_string\"}],\"inLanguage\":\"fr-FR\"},{\"@type\":\"ImageObject\",\"@id\":\"https:\/\/www.collegebourget.qc.ca\/portes-ouvertes\/visite-virtuelle\/#primaryimage\",\"inLanguage\":\"fr-FR\",\"url\":\"https:\/\/www.collegebourget.qc.ca\/portes-ouvertes\/wp-content\/uploads\/armoirie-primaire-prescolaire.svg\"},{\"@type\":\"WebPage\",\"@id\":\"https:\/\/www.collegebourget.qc.ca\/portes-ouvertes\/visite-virtuelle\/#webpage\",\"url\":\"https:\/\/www.collegebourget.qc.ca\/portes-ouvertes\/visite-virtuelle\/\",\"name\":\"Portes ouvertes - Coll\\u00e8ge Bourget\",\"isPartOf\":{\"@id\":\"https:\/\/www.collegebourget.qc.ca\/portes-ouvertes\/#website\"},\"primaryImageOfPage\":{\"@id\":\"https:\/\/www.collegebourget.qc.ca\/portes-ouvertes\/visite-virtuelle\/#primaryimage\"},\"datePublished\":\"2020-09-09T20:53:34+00:00\",\"dateModified\":\"2025-08-29T15:26:22+00:00\",\"inLanguage\":\"fr-FR\",\"potentialAction\":[{\"@type\":\"ReadAction\",\"target\":[\"https:\/\/www.collegebourget.qc.ca\/portes-ouvertes\/visite-virtuelle\/\"]}]}]}<\/script>\n<!-- \/ Yoast SEO plugin. -->","_links":{"self":[{"href":"https:\/\/www.collegebourget.qc.ca\/portes-ouvertes\/wp-json\/wp\/v2\/pages\/134"}],"collection":[{"href":"https:\/\/www.collegebourget.qc.ca\/portes-ouvertes\/wp-json\/wp\/v2\/pages"}],"about":[{"href":"https:\/\/www.collegebourget.qc.ca\/portes-ouvertes\/wp-json\/wp\/v2\/types\/page"}],"author":[{"embeddable":true,"href":"https:\/\/www.collegebourget.qc.ca\/portes-ouvertes\/wp-json\/wp\/v2\/users\/1"}],"replies":[{"embeddable":true,"href":"https:\/\/www.collegebourget.qc.ca\/portes-ouvertes\/wp-json\/wp\/v2\/comments?post=134"}],"version-history":[{"count":17,"href":"https:\/\/www.collegebourget.qc.ca\/portes-ouvertes\/wp-json\/wp\/v2\/pages\/134\/revisions"}],"predecessor-version":[{"id":874,"href":"https:\/\/www.collegebourget.qc.ca\/portes-ouvertes\/wp-json\/wp\/v2\/pages\/134\/revisions\/874"}],"wp:attachment":[{"href":"https:\/\/www.collegebourget.qc.ca\/portes-ouvertes\/wp-json\/wp\/v2\/media?parent=134"}],"curies":[{"name":"wp","href":"https:\/\/api.w.org\/{rel}","templated":true}]}}